{"id":44,"date":"2022-03-08T12:00:40","date_gmt":"2022-03-08T12:00:40","guid":{"rendered":"https:\/\/www.obec-nesuchyne.cz\/\/?page_id=44"},"modified":"2022-07-27T16:17:19","modified_gmt":"2022-07-27T16:17:19","slug":"myslivecky-spolek-lucina","status":"publish","type":"page","link":"https:\/\/www.obec-nesuchyne.cz\/?page_id=44","title":{"rendered":"Mysliveck\u00fd spolek Lu\u010dina"},"content":{"rendered":"<div id=\"ormaininfotab\" title=\"Mysliveck\u00e9 sdru\u017een\u00ed LU\u010cINA z.s. \u2013 obchodn\u00ed rejst\u0159\u00edk, aktu\u00e1ln\u00ed v\u00fdpis\" data-thumb=\"1\">\n<div>\n<h2>Mysliveck\u00e9 sdru\u017een\u00ed LU\u010cINA z. s.&nbsp;<\/h2>\n<div>\n<div class=\"dvt1\">\n<div class=\"dvr1\">\n<div class=\"dvc1\"><b>Datum vzniku a z\u00e1pisu<\/b><\/div>\n<div class=\"dvc1\">\n<div>1.&nbsp;duben&nbsp;1993&nbsp;<\/div>\n<\/div>\n<\/div>\n<\/div>\n<div class=\"dvt1\">\n<div class=\"dvr1\">\n<div class=\"dvc1\"><b><span id=\"id_sekce_znacka\"><\/span>Spisov\u00e1 zna\u010dka<\/b><\/div>\n<div class=\"dvc1\">L 3941\/MSPH M\u011bstsk\u00fd soud v Praze<\/div>\n<\/div>\n<\/div>\n<div class=\"dvt1\">\n<div class=\"dvr1\">\n<div class=\"dvc1\"><b><span id=\"id_sekce_nazev\"><\/span>Obchodn\u00ed firma<\/b><\/div>\n<div class=\"dvc1\">Mysliveck\u00e9 sdru\u017een\u00ed LU\u010cINA z.s.<\/div>\n<\/div>\n<\/div>\n<div class=\"dvt1\">\n<div class=\"dvr1\">\n<div class=\"dvc1\"><b><span id=\"id_sekce_sidlo\"><\/span>S\u00eddlo<\/b><\/div>\n<div class=\"dvc1\">Nesuchyn\u011b 181, 270 07 Nesuchyn\u011b<\/div>\n<\/div>\n<\/div>\n<div class=\"dvt1\">\n<div class=\"dvr1\">\n<div class=\"dvc1\"><b>Identifika\u010dn\u00ed \u010d\u00edslo<\/b><\/div>\n<div class=\"dvc1\">\n<div>47020822&nbsp;<\/div>\n<\/div>\n<\/div>\n<\/div>\n<div class=\"dvt1\">\n<div class=\"dvr1\">\n<div class=\"dvc1\"><b>Pr\u00e1vn\u00ed forma<\/b><\/div>\n<div class=\"dvc1\">\n<div>Spolek&nbsp;<\/div>\n<\/div>\n<\/div>\n<\/div>\n<h2>Statut\u00e1rn\u00ed org\u00e1n &#8211; v\u00fdbor<\/h2>\n<div class=\"dvt1\">\n<div class=\"dvr1\">\n<div class=\"dvc1\">\n<div><b><span id=\"id_sekce_firma\"><\/span><span id=\"id_sekce_xfirma\"><\/span><span id=\"id_sekce_osoba\"><\/span>P\u0159edseda sdru\u017een\u00ed<\/b><\/div>\n<\/div>\n<div class=\"dvc1o\"><a href=\"https:\/\/rejstrik-firem.kurzy.cz\/osoba\/3490200\/\">JI\u0158\u00cd BARSA<\/a><br \/>\nokres Rakovn\u00edk<br \/>\nDen vzniku funkce: 24.&nbsp;\u00fanor&nbsp;2018<br \/>\nDen vzniku \u010dlenstv\u00ed: 24.&nbsp;\u00fanor&nbsp;2018<\/div>\n<\/div>\n<\/div>\n<div class=\"dvt1\">\n<div class=\"dvr1\">\n<div class=\"dvc1\">\n<div><b>Mysliveck\u00fd hospod\u00e1\u0159<\/b><\/div>\n<\/div>\n<div class=\"dvc1o\"><a href=\"https:\/\/rejstrik-firem.kurzy.cz\/osoba\/1745885\/\">Ji\u0159\u00ed Linhart<\/a><br \/>\nokres Rakovn\u00edk<br \/>\nDen vzniku funkce: 24.&nbsp;\u00fanor&nbsp;2018<br \/>\nDen vzniku \u010dlenstv\u00ed: 24.&nbsp;\u00fanor&nbsp;2018<\/div>\n<\/div>\n<\/div>\n<div class=\"dvt1\">\n<div class=\"dvr1\">\n<div class=\"dvc1\">\n<div><b>Finan\u010dn\u00ed hospod\u00e1\u0159 &#8211; m\u00edstop\u0159edseda<\/b><\/div>\n<\/div>\n<div class=\"dvc1o\"><a href=\"https:\/\/rejstrik-firem.kurzy.cz\/osoba\/3490201\/\">Ing. KAMIL VITNER<\/a><br \/>\nokres Rakovn\u00edk<br \/>\nDen vzniku funkce: 24.&nbsp;\u00fanor&nbsp;2018<br \/>\nDen vzniku \u010dlenstv\u00ed: 24.&nbsp;\u00fanor&nbsp;2018<\/div>\n<\/div>\n<\/div>\n<h2>&nbsp;<\/h2>\n<div class=\"dvt1\">\n<div class=\"dvr1\">\n<div class=\"dvc1\">\n<div><b>Po\u010det \u010dlen\u016f<\/b><\/div>\n<\/div>\n<div class=\"dvc1o\">3<\/div>\n<\/div>\n<\/div>\n<div class=\"dvt1\">\n<div class=\"dvr1\">\n<div class=\"dvc1\">\n<div><b>Zp\u016fsob jedn\u00e1n\u00ed<\/b><\/div>\n<\/div>\n<div class=\"dvc1o\">\u010clensk\u00e1 sch\u016fze<\/div>\n<\/div>\n<\/div>\n<\/div>\n<\/div>\n<\/div>\n","protected":false},"excerpt":{"rendered":"<p>Mysliveck\u00e9 sdru\u017een\u00ed LU\u010cINA z. s.&nbsp; Datum vzniku a z\u00e1pisu 1.&nbsp;duben&nbsp;1993&nbsp; Spisov\u00e1 zna\u010dka L 3941\/MSPH M\u011bstsk\u00fd soud v Praze Obchodn\u00ed firma Mysliveck\u00e9 sdru\u017een\u00ed LU\u010cINA z.s. S\u00eddlo Nesuchyn\u011b 181, 270 07 Nesuchyn\u011b Identifika\u010dn\u00ed \u010d\u00edslo 47020822&nbsp; Pr\u00e1vn\u00ed forma Spolek&nbsp; Statut\u00e1rn\u00ed org\u00e1n &#8211; v\u00fdbor P\u0159edseda sdru\u017een\u00ed JI\u0158\u00cd BARSA okres Rakovn\u00edk Den vzniku funkce: 24.&nbsp;\u00fanor&nbsp;2018<span class=\"more-link\"><a href=\"https:\/\/www.obec-nesuchyne.cz\/?page_id=44\">Zobrazit<\/a><\/span><\/p>\n","protected":false},"author":2,"featured_media":0,"parent":0,"menu_order":0,"comment_status":"closed","ping_status":"closed","template":"","meta":{"ngg_post_thumbnail":0,"footnotes":""},"class_list":["entry","author-nehasil","post-44","page","type-page","status-publish"],"publishpress_future_action":{"enabled":false,"date":"2026-05-07 00:00:00","action":"change-status","newStatus":"draft","terms":[],"taxonomy":"","extraData":[]},"publishpress_future_workflow_manual_trigger":{"enabledWorkflows":[]},"_links":{"self":[{"href":"https:\/\/www.obec-nesuchyne.cz\/index.php?rest_route=\/wp\/v2\/pages\/44","targetHints":{"allow":["GET"]}}],"collection":[{"href":"https:\/\/www.obec-nesuchyne.cz\/index.php?rest_route=\/wp\/v2\/pages"}],"about":[{"href":"https:\/\/www.obec-nesuchyne.cz\/index.php?rest_route=\/wp\/v2\/types\/page"}],"author":[{"embeddable":true,"href":"https:\/\/www.obec-nesuchyne.cz\/index.php?rest_route=\/wp\/v2\/users\/2"}],"replies":[{"embeddable":true,"href":"https:\/\/www.obec-nesuchyne.cz\/index.php?rest_route=%2Fwp%2Fv2%2Fcomments&post=44"}],"version-history":[{"count":5,"href":"https:\/\/www.obec-nesuchyne.cz\/index.php?rest_route=\/wp\/v2\/pages\/44\/revisions"}],"predecessor-version":[{"id":23759,"href":"https:\/\/www.obec-nesuchyne.cz\/index.php?rest_route=\/wp\/v2\/pages\/44\/revisions\/23759"}],"wp:attachment":[{"href":"https:\/\/www.obec-nesuchyne.cz\/index.php?rest_route=%2Fwp%2Fv2%2Fmedia&parent=44"}],"curies":[{"name":"wp","href":"https:\/\/api.w.org\/{rel}","templated":true}]}}